{"version":"1.0","provider_name":"Canadian Cinema Editors \/ Les Monteurs et Monteuses de cin\u00e9ma canadien","provider_url":"https:\/\/cceditors.ca\/fr\/","author_name":"Pauline Decroix","author_url":"https:\/\/cceditors.ca\/fr\/author\/pauline-decroixgmail-com\/","title":"Episode 18: Meet Claude Palardy &#187; Canadian Cinema Editors \/ Les Monteurs et Monteuses de cin\u00e9ma canadien","type":"rich","width":600,"height":338,"html":"<blockquote class=\"wp-embedded-content\" data-secret=\"5xBRTg6KYL\"><a href=\"https:\/\/cceditors.ca\/fr\/2024\/03\/episode-18-meet-claude-palardy\/\">Episode 18: Meet Claude Palardy<\/a><\/blockquote><iframe sandbox=\"allow-scripts\" security=\"restricted\" src=\"https:\/\/cceditors.ca\/fr\/2024\/03\/episode-18-meet-claude-palardy\/embed\/#?secret=5xBRTg6KYL\" width=\"600\" height=\"338\" title=\"&laquo; Episode 18: Meet Claude Palardy &raquo; &#8212; Canadian Cinema Editors \/ Les Monteurs et Monteuses de cin\u00e9ma canadien\" data-secret=\"5xBRTg6KYL\" frameborder=\"0\" marginwidth=\"0\" marginheight=\"0\" scrolling=\"no\" class=\"wp-embedded-content\"><\/iframe><script>\n\/*! This file is auto-generated *\/\n!function(d,l){\"use strict\";l.querySelector&&d.addEventListener&&\"undefined\"!=typeof URL&&(d.wp=d.wp||{},d.wp.receiveEmbedMessage||(d.wp.receiveEmbedMessage=function(e){var t=e.data;if((t||t.secret||t.message||t.value)&&!\/[^a-zA-Z0-9]\/.test(t.secret)){for(var s,r,n,a=l.querySelectorAll('iframe[data-secret=\"'+t.secret+'\"]'),o=l.querySelectorAll('blockquote[data-secret=\"'+t.secret+'\"]'),c=new RegExp(\"^https?:$\",\"i\"),i=0;i<o.length;i++)o[i].style.display=\"none\";for(i=0;i<a.length;i++)s=a[i],e.source===s.contentWindow&&(s.removeAttribute(\"style\"),\"height\"===t.message?(1e3<(r=parseInt(t.value,10))?r=1e3:~~r<200&&(r=200),s.height=r):\"link\"===t.message&&(r=new URL(s.getAttribute(\"src\")),n=new URL(t.value),c.test(n.protocol))&&n.host===r.host&&l.activeElement===s&&(d.top.location.href=t.value))}},d.addEventListener(\"message\",d.wp.receiveEmbedMessage,!1),l.addEventListener(\"DOMContentLoaded\",function(){for(var e,t,s=l.querySelectorAll(\"iframe.wp-embedded-content\"),r=0;r<s.length;r++)(t=(e=s[r]).getAttribute(\"data-secret\"))||(t=Math.random().toString(36).substring(2,12),e.src+=\"#?secret=\"+t,e.setAttribute(\"data-secret\",t)),e.contentWindow.postMessage({message:\"ready\",secret:t},\"*\")},!1)))}(window,document);\n\/\/# sourceURL=https:\/\/cceditors.ca\/wp-includes\/js\/wp-embed.min.js\n<\/script>","thumbnail_url":"https:\/\/cceditors.ca\/wp-content\/uploads\/2024\/02\/CCE_podcast_CLAUDE-PALARDY_LADM18_WEB.jpg","thumbnail_width":2000,"thumbnail_height":2000,"description":"Pour cette nouvelle saison de notre balado, nous recevons le monteur Claude Palardy. Apr\u00e8s avoir port\u00e9 plusieurs casquettes, comme par exemple r\u00e9alisateur, directeur photo, technicien en effets sp\u00e9ciaux et monteur sonore pendant quelques ann\u00e9es, Claude se consacre enti\u00e8rement au montage dans les ann\u00e9es 90. Il est reconnu pour avoir travaill\u00e9 sur des s\u00e9ries t\u00e9l\u00e9 renomm\u00e9es comme SCOOP, ALYS ROB, ou encore URGENCES. Claude a \u00e9galement travaill\u00e9 sur des long-m\u00e9trages avec des r\u00e9alisateurs de renom tels que Pierre Falardeau, Louis B\u00e9langer, Louis Godbout ou Claude Demers. Catherine lui parlera \u00e9galement d\u2019un de ses derniers film, RU. Sans plus attendre, on vous laisse \u00e9couter Catherine et Claude pour cette belle discussion. Bonne \u00e9coute!"}