{"id":47730,"date":"2026-04-27T13:07:45","date_gmt":"2026-04-27T17:07:45","guid":{"rendered":"https:\/\/cceditors.ca\/?post_type=mec-events&#038;p=47730"},"modified":"2026-04-27T19:40:07","modified_gmt":"2026-04-27T23:40:07","slug":"offline2026nm","status":"publish","type":"mec-events","link":"https:\/\/cceditors.ca\/fr\/events\/offline2026nm\/","title":{"rendered":"\u00c9v\u00e9nements \u00ab\u2009Offline\u2009\u00bb partout au Canada"},"content":{"rendered":"<div data-elementor-type=\"wp-post\" data-elementor-id=\"47730\" class=\"elementor elementor-47730\" data-elementor-post-type=\"mec-events\">\n\t\t\t\t\t\t<section class=\"elementor-section elementor-top-section elementor-element elementor-element-b543352 elementor-section-boxed elementor-section-height-default elementor-section-height-default\" data-id=\"b543352\" data-element_type=\"section\" data-e-type=\"section\">\n\t\t\t\t\t\t<div class=\"elementor-container elementor-column-gap-default\">\n\t\t\t\t\t<div class=\"elementor-column elementor-col-100 elementor-top-column elementor-element elementor-element-64b3579\" data-id=\"64b3579\" data-element_type=\"column\" data-e-type=\"column\">\n\t\t\t<div class=\"elementor-widget-wrap elementor-element-populated\">\n\t\t\t\t\t\t<div class=\"elementor-element elementor-element-df35b31 elementor-widget elementor-widget-text-editor\" data-id=\"df35b31\" data-element_type=\"widget\" data-e-type=\"widget\" data-widget_type=\"text-editor.default\">\n\t\t\t\t<div class=\"elementor-widget-container\">\n\t\t\t\t\t\t\t\t\tJoignez-vous \u00e0 nous en juin dans divers lieux partout au pays. Nous prendrons une pause de nos \u00e9crans pour sortir en pleine nature! (Si vous vivez \u00e0 l\u2019ext\u00e9rieur des villes qui organisent des \u00e9v\u00e9nements Offline et que vous \u00eates int\u00e9ress\u00e9\u00b7es \u00e0 en faire un pr\u00e8s de chez vous, \u00e9crivez \u00e0 Alison pour en discuter!)<br><br>\n\nMembres comme non-membres sont les bienvenu\u00b7e\u00b7s lors de nos balades Offline.<br><br>\nRSVP, afin que nous sachions combien de personnes nous pouvons attendre.\n\n**Assurez-vous de v\u00e9rifier \u00e0 quelle date l\u2019\u00e9v\u00e9nement se tient dans votre r\u00e9gion, car ce sera diff\u00e9rent d\u2019une r\u00e9gion \u00e0 l\u2019autre.\t\t\t\t\t\t\t\t<\/div>\n\t\t\t\t<\/div>\n\t\t\t\t\t<\/div>\n\t\t<\/div>\n\t\t\t\t\t<\/div>\n\t\t<\/section>\n\t\t\t\t<section class=\"elementor-section elementor-top-section elementor-element elementor-element-106b08c elementor-section-boxed elementor-section-height-default elementor-section-height-default\" data-id=\"106b08c\" data-element_type=\"section\" data-e-type=\"section\">\n\t\t\t\t\t\t<div class=\"elementor-container elementor-column-gap-default\">\n\t\t\t\t\t<div class=\"elementor-column elementor-col-100 elementor-top-column elementor-element elementor-element-beeb2fb\" data-id=\"beeb2fb\" data-element_type=\"column\" data-e-type=\"column\">\n\t\t\t<div class=\"elementor-widget-wrap elementor-element-populated\">\n\t\t\t\t\t\t<div class=\"elementor-element elementor-element-46b38cf elementor-widget elementor-widget-accordion\" data-id=\"46b38cf\" data-element_type=\"widget\" data-e-type=\"widget\" data-widget_type=\"accordion.default\">\n\t\t\t\t<div class=\"elementor-widget-container\">\n\t\t\t\t\t\t\t<div class=\"elementor-accordion\">\n\t\t\t\t\t\t\t<div class=\"elementor-accordion-item\">\n\t\t\t\t\t<div id=\"elementor-tab-title-7411\" class=\"elementor-tab-title\" data-tab=\"1\" role=\"button\" aria-controls=\"elementor-tab-content-7411\" aria-expanded=\"false\">\n\t\t\t\t\t\t\t\t\t\t\t\t\t<span class=\"elementor-accordion-icon elementor-accordion-icon-left\" aria-hidden=\"true\">\n\t\t\t\t\t\t\t\t\t\t\t\t\t\t\t<span class=\"elementor-accordion-icon-closed\"><i class=\"fas fa-plus\"><\/i><\/span>\n\t\t\t\t\t\t\t\t<span class=\"elementor-accordion-icon-opened\"><i class=\"fas fa-minus\"><\/i><\/span>\n\t\t\t\t\t\t\t\t\t\t\t\t\t\t<\/span>\n\t\t\t\t\t\t\t\t\t\t\t\t<a class=\"elementor-accordion-title\" tabindex=\"0\">Halifax : 6 juin - 11 h<\/a>\n\t\t\t\t\t<\/div>\n\t\t\t\t\t<div id=\"elementor-tab-content-7411\" class=\"elementor-tab-content elementor-clearfix\" data-tab=\"1\" role=\"region\" aria-labelledby=\"elementor-tab-title-7411\">Halifax Public Gardens\nMeet at the gate of Spring Garden Road &amp; South Park Street.<br><br>\n\n**Halifax tient son activit\u00e9 estivale juste apr\u00e8s cette marche Offline. Une fois la promenade termin\u00e9e, tout le monde est invit\u00e9 au bar Antojo Tacos, o\u00f9 les membres du CCE auront droit \u00e0 un verre gratuit.<\/div>\n\t\t\t\t<\/div>\n\t\t\t\t\t\t\t<div class=\"elementor-accordion-item\">\n\t\t\t\t\t<div id=\"elementor-tab-title-7412\" class=\"elementor-tab-title\" data-tab=\"2\" role=\"button\" aria-controls=\"elementor-tab-content-7412\" aria-expanded=\"false\">\n\t\t\t\t\t\t\t\t\t\t\t\t\t<span class=\"elementor-accordion-icon elementor-accordion-icon-left\" aria-hidden=\"true\">\n\t\t\t\t\t\t\t\t\t\t\t\t\t\t\t<span class=\"elementor-accordion-icon-closed\"><i class=\"fas fa-plus\"><\/i><\/span>\n\t\t\t\t\t\t\t\t<span class=\"elementor-accordion-icon-opened\"><i class=\"fas fa-minus\"><\/i><\/span>\n\t\t\t\t\t\t\t\t\t\t\t\t\t\t<\/span>\n\t\t\t\t\t\t\t\t\t\t\t\t<a class=\"elementor-accordion-title\" tabindex=\"0\">Toronto : 6 juin - 10 h<\/a>\n\t\t\t\t\t<\/div>\n\t\t\t\t\t<div id=\"elementor-tab-content-7412\" class=\"elementor-tab-content elementor-clearfix\" data-tab=\"2\" role=\"region\" aria-labelledby=\"elementor-tab-title-7412\"><p>Beaches Boardwalk: Woodbine Beach &#8211; 1675 Lake Shore Blvd E, Toronto, ON M4L 3W6<br \/>Rendez-vous au gaz\u00e9bo pr\u00e8s de la station de baignade.<br \/>Walk will go east along the boardwalk for as long as people wish to walk.<\/p><\/div>\n\t\t\t\t<\/div>\n\t\t\t\t\t\t\t<div class=\"elementor-accordion-item\">\n\t\t\t\t\t<div id=\"elementor-tab-title-7413\" class=\"elementor-tab-title\" data-tab=\"3\" role=\"button\" aria-controls=\"elementor-tab-content-7413\" aria-expanded=\"false\">\n\t\t\t\t\t\t\t\t\t\t\t\t\t<span class=\"elementor-accordion-icon elementor-accordion-icon-left\" aria-hidden=\"true\">\n\t\t\t\t\t\t\t\t\t\t\t\t\t\t\t<span class=\"elementor-accordion-icon-closed\"><i class=\"fas fa-plus\"><\/i><\/span>\n\t\t\t\t\t\t\t\t<span class=\"elementor-accordion-icon-opened\"><i class=\"fas fa-minus\"><\/i><\/span>\n\t\t\t\t\t\t\t\t\t\t\t\t\t\t<\/span>\n\t\t\t\t\t\t\t\t\t\t\t\t<a class=\"elementor-accordion-title\" tabindex=\"0\">Ottawa : 7 juin - 11 h<\/a>\n\t\t\t\t\t<\/div>\n\t\t\t\t\t<div id=\"elementor-tab-content-7413\" class=\"elementor-tab-content elementor-clearfix\" data-tab=\"3\" role=\"region\" aria-labelledby=\"elementor-tab-title-7413\">Major&#8217;s Hill Park, Mackenzie Ave, Ottawa, ON K1N 9J6\n\nMeet at the Colonel John Statue<br><br>\n**\u00c0 Ottawa, la c\u00e9l\u00e9bration estivale se tiendra juste apr\u00e8s cette marche Offline. Une fois la randonn\u00e9e termin\u00e9e, tout le monde est invit\u00e9 \u00e0 une terrasse non loin, o\u00f9 les membres du CCE auront droit \u00e0 un verre gratuit. Assurez-vous de r\u00e9server afin que votre nom<\/div>\n\t\t\t\t<\/div>\n\t\t\t\t\t\t\t<div class=\"elementor-accordion-item\">\n\t\t\t\t\t<div id=\"elementor-tab-title-7414\" class=\"elementor-tab-title\" data-tab=\"4\" role=\"button\" aria-controls=\"elementor-tab-content-7414\" aria-expanded=\"false\">\n\t\t\t\t\t\t\t\t\t\t\t\t\t<span class=\"elementor-accordion-icon elementor-accordion-icon-left\" aria-hidden=\"true\">\n\t\t\t\t\t\t\t\t\t\t\t\t\t\t\t<span class=\"elementor-accordion-icon-closed\"><i class=\"fas fa-plus\"><\/i><\/span>\n\t\t\t\t\t\t\t\t<span class=\"elementor-accordion-icon-opened\"><i class=\"fas fa-minus\"><\/i><\/span>\n\t\t\t\t\t\t\t\t\t\t\t\t\t\t<\/span>\n\t\t\t\t\t\t\t\t\t\t\t\t<a class=\"elementor-accordion-title\" tabindex=\"0\">Vancouver : 7 juin - 11 h<\/a>\n\t\t\t\t\t<\/div>\n\t\t\t\t\t<div id=\"elementor-tab-content-7414\" class=\"elementor-tab-content elementor-clearfix\" data-tab=\"4\" role=\"region\" aria-labelledby=\"elementor-tab-title-7414\"><p>Pacific Spirit Regional Park<br \/>Imperial Trail (12), University Endowment Lands, BC V6N 2C4<\/p><\/div>\n\t\t\t\t<\/div>\n\t\t\t\t\t\t\t<div class=\"elementor-accordion-item\">\n\t\t\t\t\t<div id=\"elementor-tab-title-7415\" class=\"elementor-tab-title\" data-tab=\"5\" role=\"button\" aria-controls=\"elementor-tab-content-7415\" aria-expanded=\"false\">\n\t\t\t\t\t\t\t\t\t\t\t\t\t<span class=\"elementor-accordion-icon elementor-accordion-icon-left\" aria-hidden=\"true\">\n\t\t\t\t\t\t\t\t\t\t\t\t\t\t\t<span class=\"elementor-accordion-icon-closed\"><i class=\"fas fa-plus\"><\/i><\/span>\n\t\t\t\t\t\t\t\t<span class=\"elementor-accordion-icon-opened\"><i class=\"fas fa-minus\"><\/i><\/span>\n\t\t\t\t\t\t\t\t\t\t\t\t\t\t<\/span>\n\t\t\t\t\t\t\t\t\t\t\t\t<a class=\"elementor-accordion-title\" tabindex=\"0\">Montr\u00e9al : 20 juin - 11 h<\/a>\n\t\t\t\t\t<\/div>\n\t\t\t\t\t<div id=\"elementor-tab-content-7415\" class=\"elementor-tab-content elementor-clearfix\" data-tab=\"5\" role=\"region\" aria-labelledby=\"elementor-tab-title-7415\">LACHINE CANAL\nIn front of the &#8220;Havre aux glaces&#8221; of the Atwater Market\n(Lionel-Groulx &#8211; Subway station)<br><br>\n\n**\u00c0 Montr\u00e9al, la c\u00e9l\u00e9bration estivale se tiendra juste apr\u00e8s cette marche Offline. Une fois la randonn\u00e9e termin\u00e9e, tout le monde est invit\u00e9 \u00e0 une terrasse non loin, o\u00f9 les membres du CCE auront droit \u00e0 un verre gratuit. Assurez-vous de r\u00e9server afin que votre nom figure sur la liste!<\/div>\n\t\t\t\t<\/div>\n\t\t\t\t\t\t\t<div class=\"elementor-accordion-item\">\n\t\t\t\t\t<div id=\"elementor-tab-title-7416\" class=\"elementor-tab-title\" data-tab=\"6\" role=\"button\" aria-controls=\"elementor-tab-content-7416\" aria-expanded=\"false\">\n\t\t\t\t\t\t\t\t\t\t\t\t\t<span class=\"elementor-accordion-icon elementor-accordion-icon-left\" aria-hidden=\"true\">\n\t\t\t\t\t\t\t\t\t\t\t\t\t\t\t<span class=\"elementor-accordion-icon-closed\"><i class=\"fas fa-plus\"><\/i><\/span>\n\t\t\t\t\t\t\t\t<span class=\"elementor-accordion-icon-opened\"><i class=\"fas fa-minus\"><\/i><\/span>\n\t\t\t\t\t\t\t\t\t\t\t\t\t\t<\/span>\n\t\t\t\t\t\t\t\t\t\t\t\t<a class=\"elementor-accordion-title\" tabindex=\"0\">Winnipeg : 20 juin - 14 h<\/a>\n\t\t\t\t\t<\/div>\n\t\t\t\t\t<div id=\"elementor-tab-content-7416\" class=\"elementor-tab-content elementor-clearfix\" data-tab=\"6\" role=\"region\" aria-labelledby=\"elementor-tab-title-7416\">We will meet at Sargent Sundae and start the walk from there.\n2053 Portage Ave, Winnipeg MB R3J 0K9<br><br>\n\n**Since we are starting at Sargent Sundae, CCE members will receive a free ice cream. Winnipeg is hosting their Summer Social after this Offline walk so everyone is invited to the Cargo Bar. Be sure to RSVP so your name is on the list!<\/div>\n\t\t\t\t<\/div>\n\t\t\t\t\t\t\t<div class=\"elementor-accordion-item\">\n\t\t\t\t\t<div id=\"elementor-tab-title-7417\" class=\"elementor-tab-title\" data-tab=\"7\" role=\"button\" aria-controls=\"elementor-tab-content-7417\" aria-expanded=\"false\">\n\t\t\t\t\t\t\t\t\t\t\t\t\t<span class=\"elementor-accordion-icon elementor-accordion-icon-left\" aria-hidden=\"true\">\n\t\t\t\t\t\t\t\t\t\t\t\t\t\t\t<span class=\"elementor-accordion-icon-closed\"><i class=\"fas fa-plus\"><\/i><\/span>\n\t\t\t\t\t\t\t\t<span class=\"elementor-accordion-icon-opened\"><i class=\"fas fa-minus\"><\/i><\/span>\n\t\t\t\t\t\t\t\t\t\t\t\t\t\t<\/span>\n\t\t\t\t\t\t\t\t\t\t\t\t<a class=\"elementor-accordion-title\" tabindex=\"0\">Calgary : 20 juin - 15 h<\/a>\n\t\t\t\t\t<\/div>\n\t\t\t\t\t<div id=\"elementor-tab-content-7417\" class=\"elementor-tab-content elementor-clearfix\" data-tab=\"7\" role=\"region\" aria-labelledby=\"elementor-tab-title-7417\">Shannon Terrace &#8211; Fish Creek Provincial Park\nWoodpath Rd SW, Calgary, AB T2W 5Z5<br><br>\n\n**\u00c0 Calgary, la c\u00e9l\u00e9bration estivale se tiendra juste apr\u00e8s cette marche Offline. Une fois la randonn\u00e9e termin\u00e9e, tout le monde est invit\u00e9 au  National Bar (180 Stewart Green SW, Calgary AB T3H3C8), o\u00f9 les membres du CCE auront droit \u00e0 un verre gratuit. Assurez-vous de r\u00e9server afin que votre nom figure sur la liste!<\/div>\n\t\t\t\t<\/div>\n\t\t\t\t\t\t\t<div class=\"elementor-accordion-item\">\n\t\t\t\t\t<div id=\"elementor-tab-title-7418\" class=\"elementor-tab-title\" data-tab=\"8\" role=\"button\" aria-controls=\"elementor-tab-content-7418\" aria-expanded=\"false\">\n\t\t\t\t\t\t\t\t\t\t\t\t\t<span class=\"elementor-accordion-icon elementor-accordion-icon-left\" aria-hidden=\"true\">\n\t\t\t\t\t\t\t\t\t\t\t\t\t\t\t<span class=\"elementor-accordion-icon-closed\"><i class=\"fas fa-plus\"><\/i><\/span>\n\t\t\t\t\t\t\t\t<span class=\"elementor-accordion-icon-opened\"><i class=\"fas fa-minus\"><\/i><\/span>\n\t\t\t\t\t\t\t\t\t\t\t\t\t\t<\/span>\n\t\t\t\t\t\t\t\t\t\t\t\t<a class=\"elementor-accordion-title\" tabindex=\"0\">Edmonton : 20 juin - 11 h<\/a>\n\t\t\t\t\t<\/div>\n\t\t\t\t\t<div id=\"elementor-tab-content-7418\" class=\"elementor-tab-content elementor-clearfix\" data-tab=\"8\" role=\"region\" aria-labelledby=\"elementor-tab-title-7418\">Muttart Conservatory\n9626 96a St NW, Edmonton, AB T6C 4L8<br>\n\nMeet in front of the Muttart Conservatory, grab a beverage from inside (CCE members will receive this drink for free), and stroll the outdoor gardens and across the Tawatin\u00e2 bridge\n<br><br>\n**Edmonton is hosting their Summer Social during this Offline walk. There will be a pitstop along the way. Be sure to RSVP so your name is on the list!<\/div>\n\t\t\t\t<\/div>\n\t\t\t\t\t\t\t\t<\/div>\n\t\t\t\t\t\t<\/div>\n\t\t\t\t<\/div>\n\t\t\t\t\t<\/div>\n\t\t<\/div>\n\t\t\t\t\t<\/div>\n\t\t<\/section>\n\t\t\t\t<section class=\"elementor-section elementor-top-section elementor-element elementor-element-cb7c899 elementor-section-boxed elementor-section-height-default elementor-section-height-default\" data-id=\"cb7c899\" data-element_type=\"section\" data-e-type=\"section\">\n\t\t\t\t\t\t<div class=\"elementor-container elementor-column-gap-default\">\n\t\t\t\t\t<div class=\"elementor-column elementor-col-33 elementor-top-column elementor-element elementor-element-6a3369a\" data-id=\"6a3369a\" data-element_type=\"column\" data-e-type=\"column\">\n\t\t\t<div class=\"elementor-widget-wrap\">\n\t\t\t\t\t\t\t<\/div>\n\t\t<\/div>\n\t\t\t\t<div class=\"elementor-column elementor-col-33 elementor-top-column elementor-element elementor-element-a7ea4e5\" data-id=\"a7ea4e5\" data-element_type=\"column\" data-e-type=\"column\">\n\t\t\t<div class=\"elementor-widget-wrap elementor-element-populated\">\n\t\t\t\t\t\t<div class=\"elementor-element elementor-element-cc32da6 elementor-widget elementor-widget-image\" data-id=\"cc32da6\" data-element_type=\"widget\" data-e-type=\"widget\" data-widget_type=\"image.default\">\n\t\t\t\t<div class=\"elementor-widget-container\">\n\t\t\t\t\t\t\t\t\t\t\t\t\t\t\t<img fetchpriority=\"high\" decoding=\"async\" width=\"912\" height=\"326\" src=\"https:\/\/cceditors.ca\/wp-content\/uploads\/Offline-Sponsor-Banner-2026.png\" class=\"attachment-large size-large wp-image-47749\" alt=\"\" srcset=\"https:\/\/cceditors.ca\/wp-content\/uploads\/Offline-Sponsor-Banner-2026.png 912w, https:\/\/cceditors.ca\/wp-content\/uploads\/Offline-Sponsor-Banner-2026-768x275.png 768w, https:\/\/cceditors.ca\/wp-content\/uploads\/Offline-Sponsor-Banner-2026-18x6.png 18w\" sizes=\"(max-width: 912px) 100vw, 912px\" \/>\t\t\t\t\t\t\t\t\t\t\t\t\t\t\t<\/div>\n\t\t\t\t<\/div>\n\t\t\t\t\t<\/div>\n\t\t<\/div>\n\t\t\t\t<div class=\"elementor-column elementor-col-33 elementor-top-column elementor-element elementor-element-386be99\" data-id=\"386be99\" data-element_type=\"column\" data-e-type=\"column\">\n\t\t\t<div class=\"elementor-widget-wrap\">\n\t\t\t\t\t\t\t<\/div>\n\t\t<\/div>\n\t\t\t\t\t<\/div>\n\t\t<\/section>\n\t\t\t\t<section class=\"elementor-section elementor-top-section elementor-element elementor-element-a4a340a elementor-section-boxed elementor-section-height-default elementor-section-height-default\" data-id=\"a4a340a\" data-element_type=\"section\" data-e-type=\"section\">\n\t\t\t\t\t\t<div class=\"elementor-container elementor-column-gap-default\">\n\t\t\t\t\t<div class=\"elementor-column elementor-col-100 elementor-top-column elementor-element elementor-element-2b1671d\" data-id=\"2b1671d\" data-element_type=\"column\" data-e-type=\"column\">\n\t\t\t<div class=\"elementor-widget-wrap\">\n\t\t\t\t\t\t\t<\/div>\n\t\t<\/div>\n\t\t\t\t\t<\/div>\n\t\t<\/section>\n\t\t\t\t<\/div>","protected":false},"excerpt":{"rendered":"<p>Join us in June at locations all across Canada, as we take a break from our screens and get outside! (if you live outside of the cities that currently host Offline Walks and you would be interested in hosting a walk near you, please email Alison to discuss!) Members and non members are welcome to [&hellip;]<\/p>\n","protected":false},"author":3,"featured_media":47748,"comment_status":"closed","ping_status":"closed","template":"","tags":[28,82,44,29,306,307],"mec_category":[956,923],"mec_speaker":[],"class_list":["post-47730","mec-events","type-mec-events","status-publish","has-post-thumbnail","hentry","tag-cce","tag-editing","tag-editor","tag-editors","tag-monteurs","tag-monteuses","mec_category-general-cce-event-non-member","mec_category-offline-non-members","pmpro-has-access"],"yoast_head":"<!-- This site is optimized with the Yoast SEO plugin v27.5 - https:\/\/yoast.com\/product\/yoast-seo-wordpress\/ -->\n<title>Offline Events Across Canada &#187; Canadian Cinema Editors \/ Les Monteurs et Monteuses de cin\u00e9ma canadien<\/title>\n<meta name=\"robots\" content=\"index, follow, max-snippet:-1, max-image-preview:large, max-video-preview:-1\" \/>\n<link rel=\"canonical\" href=\"https:\/\/cceditors.ca\/fr\/events\/offline2026nm\/\" \/>\n<meta property=\"og:locale\" content=\"fr_CA\" \/>\n<meta property=\"og:type\" content=\"article\" \/>\n<meta property=\"og:title\" content=\"Offline Events Across Canada &#187; Canadian Cinema Editors \/ Les Monteurs et Monteuses de cin\u00e9ma canadien\" \/>\n<meta property=\"og:description\" content=\"Join us in June at locations all across Canada, as we take a break from our screens and get outside! (if you live outside of the cities that currently host Offline Walks and you would be interested in hosting a walk near you, please email Alison to discuss!) Members and non members are welcome to [&hellip;]\" \/>\n<meta property=\"og:url\" content=\"https:\/\/cceditors.ca\/fr\/events\/offline2026nm\/\" \/>\n<meta property=\"og:site_name\" content=\"Canadian Cinema Editors \/ Les Monteurs et Monteuses de cin\u00e9ma canadien\" \/>\n<meta property=\"article:publisher\" content=\"https:\/\/www.facebook.com\/CCEditors\" \/>\n<meta property=\"article:modified_time\" content=\"2026-04-27T23:40:07+00:00\" \/>\n<meta property=\"og:image\" content=\"https:\/\/cceditors.ca\/wp-content\/uploads\/Screenshot-2026-04-27-at-2.16.11-PM-scaled.png\" \/>\n\t<meta property=\"og:image:width\" content=\"2560\" \/>\n\t<meta property=\"og:image:height\" content=\"1425\" \/>\n\t<meta property=\"og:image:type\" content=\"image\/png\" \/>\n<meta name=\"twitter:card\" content=\"summary_large_image\" \/>\n<meta name=\"twitter:site\" content=\"@CCE_editors\" \/>\n<meta name=\"twitter:label1\" content=\"Estimation du temps de lecture\" \/>\n\t<meta name=\"twitter:data1\" content=\"3 minutes\" \/>\n<script type=\"application\/ld+json\" class=\"yoast-schema-graph\">{\"@context\":\"https:\\\/\\\/schema.org\",\"@graph\":[{\"@type\":\"WebPage\",\"@id\":\"https:\\\/\\\/cceditors.ca\\\/events\\\/offline2026nm\\\/\",\"url\":\"https:\\\/\\\/cceditors.ca\\\/events\\\/offline2026nm\\\/\",\"name\":\"Offline Events Across Canada &#187; Canadian Cinema Editors \\\/ Les Monteurs et Monteuses de cin\u00e9ma canadien\",\"isPartOf\":{\"@id\":\"https:\\\/\\\/cceditors.ca\\\/fr\\\/#website\"},\"primaryImageOfPage\":{\"@id\":\"https:\\\/\\\/cceditors.ca\\\/events\\\/offline2026nm\\\/#primaryimage\"},\"image\":{\"@id\":\"https:\\\/\\\/cceditors.ca\\\/events\\\/offline2026nm\\\/#primaryimage\"},\"thumbnailUrl\":\"https:\\\/\\\/cceditors.ca\\\/wp-content\\\/uploads\\\/Screenshot-2026-04-27-at-2.16.11-PM-scaled.png\",\"datePublished\":\"2026-04-27T17:07:45+00:00\",\"dateModified\":\"2026-04-27T23:40:07+00:00\",\"breadcrumb\":{\"@id\":\"https:\\\/\\\/cceditors.ca\\\/events\\\/offline2026nm\\\/#breadcrumb\"},\"inLanguage\":\"fr-CA\",\"potentialAction\":[{\"@type\":\"ReadAction\",\"target\":[\"https:\\\/\\\/cceditors.ca\\\/events\\\/offline2026nm\\\/\"]}]},{\"@type\":\"ImageObject\",\"inLanguage\":\"fr-CA\",\"@id\":\"https:\\\/\\\/cceditors.ca\\\/events\\\/offline2026nm\\\/#primaryimage\",\"url\":\"https:\\\/\\\/cceditors.ca\\\/wp-content\\\/uploads\\\/Screenshot-2026-04-27-at-2.16.11-PM-scaled.png\",\"contentUrl\":\"https:\\\/\\\/cceditors.ca\\\/wp-content\\\/uploads\\\/Screenshot-2026-04-27-at-2.16.11-PM-scaled.png\",\"width\":2560,\"height\":1425},{\"@type\":\"BreadcrumbList\",\"@id\":\"https:\\\/\\\/cceditors.ca\\\/events\\\/offline2026nm\\\/#breadcrumb\",\"itemListElement\":[{\"@type\":\"ListItem\",\"position\":1,\"name\":\"Home\",\"item\":\"https:\\\/\\\/cceditors.ca\\\/\"},{\"@type\":\"ListItem\",\"position\":2,\"name\":\"Events\",\"item\":\"https:\\\/\\\/cceditors.ca\\\/fr\\\/events\\\/\"},{\"@type\":\"ListItem\",\"position\":3,\"name\":\"Offline Events Across Canada\"}]},{\"@type\":\"WebSite\",\"@id\":\"https:\\\/\\\/cceditors.ca\\\/fr\\\/#website\",\"url\":\"https:\\\/\\\/cceditors.ca\\\/fr\\\/\",\"name\":\"Canadian Cinema Editors \\\/ Les Monteurs et Monteuses de cin\u00e9ma canadien\",\"description\":\"The Canadian Cinema Editors aims to connect and promote editors across Canada\",\"potentialAction\":[{\"@type\":\"SearchAction\",\"target\":{\"@type\":\"EntryPoint\",\"urlTemplate\":\"https:\\\/\\\/cceditors.ca\\\/fr\\\/?s={search_term_string}\"},\"query-input\":{\"@type\":\"PropertyValueSpecification\",\"valueRequired\":true,\"valueName\":\"search_term_string\"}}],\"inLanguage\":\"fr-CA\"}]}<\/script>\n<!-- \/ Yoast SEO plugin. -->","yoast_head_json":{"title":"Offline Events Across Canada &#187; Canadian Cinema Editors \/ Les Monteurs et Monteuses de cin\u00e9ma canadien","robots":{"index":"index","follow":"follow","max-snippet":"max-snippet:-1","max-image-preview":"max-image-preview:large","max-video-preview":"max-video-preview:-1"},"canonical":"https:\/\/cceditors.ca\/fr\/events\/offline2026nm\/","og_locale":"fr_CA","og_type":"article","og_title":"Offline Events Across Canada &#187; Canadian Cinema Editors \/ Les Monteurs et Monteuses de cin\u00e9ma canadien","og_description":"Join us in June at locations all across Canada, as we take a break from our screens and get outside! (if you live outside of the cities that currently host Offline Walks and you would be interested in hosting a walk near you, please email Alison to discuss!) Members and non members are welcome to [&hellip;]","og_url":"https:\/\/cceditors.ca\/fr\/events\/offline2026nm\/","og_site_name":"Canadian Cinema Editors \/ Les Monteurs et Monteuses de cin\u00e9ma canadien","article_publisher":"https:\/\/www.facebook.com\/CCEditors","article_modified_time":"2026-04-27T23:40:07+00:00","og_image":[{"width":2560,"height":1425,"url":"https:\/\/cceditors.ca\/wp-content\/uploads\/Screenshot-2026-04-27-at-2.16.11-PM-scaled.png","type":"image\/png"}],"twitter_card":"summary_large_image","twitter_site":"@CCE_editors","twitter_misc":{"Estimation du temps de lecture":"3 minutes"},"schema":{"@context":"https:\/\/schema.org","@graph":[{"@type":"WebPage","@id":"https:\/\/cceditors.ca\/events\/offline2026nm\/","url":"https:\/\/cceditors.ca\/events\/offline2026nm\/","name":"Offline Events Across Canada &#187; Canadian Cinema Editors \/ Les Monteurs et Monteuses de cin\u00e9ma canadien","isPartOf":{"@id":"https:\/\/cceditors.ca\/fr\/#website"},"primaryImageOfPage":{"@id":"https:\/\/cceditors.ca\/events\/offline2026nm\/#primaryimage"},"image":{"@id":"https:\/\/cceditors.ca\/events\/offline2026nm\/#primaryimage"},"thumbnailUrl":"https:\/\/cceditors.ca\/wp-content\/uploads\/Screenshot-2026-04-27-at-2.16.11-PM-scaled.png","datePublished":"2026-04-27T17:07:45+00:00","dateModified":"2026-04-27T23:40:07+00:00","breadcrumb":{"@id":"https:\/\/cceditors.ca\/events\/offline2026nm\/#breadcrumb"},"inLanguage":"fr-CA","potentialAction":[{"@type":"ReadAction","target":["https:\/\/cceditors.ca\/events\/offline2026nm\/"]}]},{"@type":"ImageObject","inLanguage":"fr-CA","@id":"https:\/\/cceditors.ca\/events\/offline2026nm\/#primaryimage","url":"https:\/\/cceditors.ca\/wp-content\/uploads\/Screenshot-2026-04-27-at-2.16.11-PM-scaled.png","contentUrl":"https:\/\/cceditors.ca\/wp-content\/uploads\/Screenshot-2026-04-27-at-2.16.11-PM-scaled.png","width":2560,"height":1425},{"@type":"BreadcrumbList","@id":"https:\/\/cceditors.ca\/events\/offline2026nm\/#breadcrumb","itemListElement":[{"@type":"ListItem","position":1,"name":"Home","item":"https:\/\/cceditors.ca\/"},{"@type":"ListItem","position":2,"name":"Events","item":"https:\/\/cceditors.ca\/fr\/events\/"},{"@type":"ListItem","position":3,"name":"Offline Events Across Canada"}]},{"@type":"WebSite","@id":"https:\/\/cceditors.ca\/fr\/#website","url":"https:\/\/cceditors.ca\/fr\/","name":"Canadian Cinema Editors \/ Les Monteurs et Monteuses de cin\u00e9ma canadien","description":"The Canadian Cinema Editors aims to connect and promote editors across Canada","potentialAction":[{"@type":"SearchAction","target":{"@type":"EntryPoint","urlTemplate":"https:\/\/cceditors.ca\/fr\/?s={search_term_string}"},"query-input":{"@type":"PropertyValueSpecification","valueRequired":true,"valueName":"search_term_string"}}],"inLanguage":"fr-CA"}]}},"_links":{"self":[{"href":"https:\/\/cceditors.ca\/fr\/wp-json\/wp\/v2\/mec-events\/47730","targetHints":{"allow":["GET"]}}],"collection":[{"href":"https:\/\/cceditors.ca\/fr\/wp-json\/wp\/v2\/mec-events"}],"about":[{"href":"https:\/\/cceditors.ca\/fr\/wp-json\/wp\/v2\/types\/mec-events"}],"author":[{"embeddable":true,"href":"https:\/\/cceditors.ca\/fr\/wp-json\/wp\/v2\/users\/3"}],"replies":[{"embeddable":true,"href":"https:\/\/cceditors.ca\/fr\/wp-json\/wp\/v2\/comments?post=47730"}],"version-history":[{"count":4,"href":"https:\/\/cceditors.ca\/fr\/wp-json\/wp\/v2\/mec-events\/47730\/revisions"}],"predecessor-version":[{"id":47752,"href":"https:\/\/cceditors.ca\/fr\/wp-json\/wp\/v2\/mec-events\/47730\/revisions\/47752"}],"wp:featuredmedia":[{"embeddable":true,"href":"https:\/\/cceditors.ca\/fr\/wp-json\/wp\/v2\/media\/47748"}],"wp:attachment":[{"href":"https:\/\/cceditors.ca\/fr\/wp-json\/wp\/v2\/media?parent=47730"}],"wp:term":[{"taxonomy":"post_tag","embeddable":true,"href":"https:\/\/cceditors.ca\/fr\/wp-json\/wp\/v2\/tags?post=47730"},{"taxonomy":"mec_category","embeddable":true,"href":"https:\/\/cceditors.ca\/fr\/wp-json\/wp\/v2\/mec_category?post=47730"},{"taxonomy":"mec_speaker","embeddable":true,"href":"https:\/\/cceditors.ca\/fr\/wp-json\/wp\/v2\/mec_speaker?post=47730"}],"curies":[{"name":"wp","href":"https:\/\/api.w.org\/{rel}","templated":true}]}}